{"id":2810,"date":"2024-09-06T15:00:46","date_gmt":"2024-09-06T19:00:46","guid":{"rendered":"https:\/\/conscience.ca\/?post_type=event&#038;p=2810"},"modified":"2024-09-06T15:26:11","modified_gmt":"2024-09-06T19:26:11","slug":"fr-register-now-for-the-cache-symposium-march-6-7-in-toronto","status":"publish","type":"event","link":"https:\/\/conscience.ca\/fr\/event\/fr-register-now-for-the-cache-symposium-march-6-7-in-toronto\/","title":{"rendered":"Inscrivez-vous d\u00e8s maintenant au symposium de la CACHE, les 6 et 7 mars \u00e0 Toronto"},"content":{"rendered":"\n<p>Le premier symposium annuel du d\u00e9fi CACHE r\u00e9unira des chercheurs de premier plan, des partenaires, des repr\u00e9sentants de l\u2019industrie, des m\u00e9dias et d\u2019autres personnes.<\/p>\n\n\n\n<p><a href=\"https:\/\/conscience.ca\/fr\/cache-challenge-symposium\/\">Voir l\u2019horaire du symposium de la CACHE.<\/a><\/p>\n","protected":false},"featured_media":1498,"template":"","event-type":[41],"class_list":["post-2810","event","type-event","status-publish","has-post-thumbnail","hentry","event-type-event-fr-2"],"acf":[],"yoast_head":"<!-- This site is optimized with the Yoast SEO plugin v27.3 - https:\/\/yoast.com\/product\/yoast-seo-wordpress\/ -->\n<title>Inscrivez-vous d\u00e8s maintenant au symposium de la CACHE, les 6 et 7 mars \u00e0 Toronto - Conscience<\/title>\n<meta name=\"robots\" content=\"index, follow, max-snippet:-1, max-image-preview:large, max-video-preview:-1\" \/>\n<link rel=\"canonical\" href=\"https:\/\/conscience.ca\/fr\/event\/fr-register-now-for-the-cache-symposium-march-6-7-in-toronto\/\" \/>\n<meta property=\"og:locale\" content=\"fr_FR\" \/>\n<meta property=\"og:type\" content=\"article\" \/>\n<meta property=\"og:title\" content=\"Inscrivez-vous d\u00e8s maintenant au symposium de la CACHE, les 6 et 7 mars \u00e0 Toronto - Conscience\" \/>\n<meta property=\"og:description\" content=\"Le premier symposium annuel du d\u00e9fi CACHE r\u00e9unira des chercheurs de premier plan, des partenaires, des repr\u00e9sentants de l\u2019industrie, des m\u00e9dias et d\u2019autres personnes. Voir l\u2019horaire du symposium de la CACHE.\" \/>\n<meta property=\"og:url\" content=\"https:\/\/conscience.ca\/fr\/event\/fr-register-now-for-the-cache-symposium-march-6-7-in-toronto\/\" \/>\n<meta property=\"og:site_name\" content=\"Conscience\" \/>\n<meta property=\"article:modified_time\" content=\"2024-09-06T19:26:11+00:00\" \/>\n<meta property=\"og:image\" content=\"https:\/\/conscience.ca\/wp-content\/uploads\/2024\/03\/mm1vipqd0oa.jpg\" \/>\n\t<meta property=\"og:image:width\" content=\"1600\" \/>\n\t<meta property=\"og:image:height\" content=\"900\" \/>\n\t<meta property=\"og:image:type\" content=\"image\/jpeg\" \/>\n<meta name=\"twitter:card\" content=\"summary_large_image\" \/>\n<meta name=\"twitter:label1\" content=\"Dur\u00e9e de lecture estim\u00e9e\" \/>\n\t<meta name=\"twitter:data1\" content=\"1 minute\" \/>\n<script type=\"application\/ld+json\" class=\"yoast-schema-graph\">{\"@context\":\"https:\\\/\\\/schema.org\",\"@graph\":[{\"@type\":\"WebPage\",\"@id\":\"https:\\\/\\\/conscience.ca\\\/fr\\\/event\\\/fr-register-now-for-the-cache-symposium-march-6-7-in-toronto\\\/\",\"url\":\"https:\\\/\\\/conscience.ca\\\/fr\\\/event\\\/fr-register-now-for-the-cache-symposium-march-6-7-in-toronto\\\/\",\"name\":\"Inscrivez-vous d\u00e8s maintenant au symposium de la CACHE, les 6 et 7 mars \u00e0 Toronto - Conscience\",\"isPartOf\":{\"@id\":\"https:\\\/\\\/conscience.dev.affinitybridge.com\\\/#website\"},\"primaryImageOfPage\":{\"@id\":\"https:\\\/\\\/conscience.ca\\\/fr\\\/event\\\/fr-register-now-for-the-cache-symposium-march-6-7-in-toronto\\\/#primaryimage\"},\"image\":{\"@id\":\"https:\\\/\\\/conscience.ca\\\/fr\\\/event\\\/fr-register-now-for-the-cache-symposium-march-6-7-in-toronto\\\/#primaryimage\"},\"thumbnailUrl\":\"https:\\\/\\\/conscience.ca\\\/wp-content\\\/uploads\\\/2024\\\/03\\\/mm1vipqd0oa.jpg\",\"datePublished\":\"2024-09-06T19:00:46+00:00\",\"dateModified\":\"2024-09-06T19:26:11+00:00\",\"breadcrumb\":{\"@id\":\"https:\\\/\\\/conscience.ca\\\/fr\\\/event\\\/fr-register-now-for-the-cache-symposium-march-6-7-in-toronto\\\/#breadcrumb\"},\"inLanguage\":\"fr-FR\",\"potentialAction\":[{\"@type\":\"ReadAction\",\"target\":[\"https:\\\/\\\/conscience.ca\\\/fr\\\/event\\\/fr-register-now-for-the-cache-symposium-march-6-7-in-toronto\\\/\"]}]},{\"@type\":\"ImageObject\",\"inLanguage\":\"fr-FR\",\"@id\":\"https:\\\/\\\/conscience.ca\\\/fr\\\/event\\\/fr-register-now-for-the-cache-symposium-march-6-7-in-toronto\\\/#primaryimage\",\"url\":\"https:\\\/\\\/conscience.ca\\\/wp-content\\\/uploads\\\/2024\\\/03\\\/mm1vipqd0oa.jpg\",\"contentUrl\":\"https:\\\/\\\/conscience.ca\\\/wp-content\\\/uploads\\\/2024\\\/03\\\/mm1vipqd0oa.jpg\",\"width\":1600,\"height\":900,\"caption\":\"DNA\"},{\"@type\":\"BreadcrumbList\",\"@id\":\"https:\\\/\\\/conscience.ca\\\/fr\\\/event\\\/fr-register-now-for-the-cache-symposium-march-6-7-in-toronto\\\/#breadcrumb\",\"itemListElement\":[{\"@type\":\"ListItem\",\"position\":1,\"name\":\"Home\",\"item\":\"https:\\\/\\\/conscience.ca\\\/fr\\\/accueil\\\/\"},{\"@type\":\"ListItem\",\"position\":2,\"name\":\"Inscrivez-vous d\u00e8s maintenant au symposium de la CACHE, les 6 et 7 mars \u00e0 Toronto\"}]},{\"@type\":\"WebSite\",\"@id\":\"https:\\\/\\\/conscience.dev.affinitybridge.com\\\/#website\",\"url\":\"https:\\\/\\\/conscience.dev.affinitybridge.com\\\/\",\"name\":\"Conscience\",\"description\":\"\",\"publisher\":{\"@id\":\"https:\\\/\\\/conscience.dev.affinitybridge.com\\\/#organization\"},\"potentialAction\":[{\"@type\":\"SearchAction\",\"target\":{\"@type\":\"EntryPoint\",\"urlTemplate\":\"https:\\\/\\\/conscience.dev.affinitybridge.com\\\/?s={search_term_string}\"},\"query-input\":{\"@type\":\"PropertyValueSpecification\",\"valueRequired\":true,\"valueName\":\"search_term_string\"}}],\"inLanguage\":\"fr-FR\"},{\"@type\":\"Organization\",\"@id\":\"https:\\\/\\\/conscience.dev.affinitybridge.com\\\/#organization\",\"name\":\"Conscience\",\"url\":\"https:\\\/\\\/conscience.dev.affinitybridge.com\\\/\",\"logo\":{\"@type\":\"ImageObject\",\"inLanguage\":\"fr-FR\",\"@id\":\"https:\\\/\\\/conscience.dev.affinitybridge.com\\\/#\\\/schema\\\/logo\\\/image\\\/\",\"url\":\"https:\\\/\\\/conscience.ca\\\/wp-content\\\/uploads\\\/2024\\\/02\\\/header-logo.svg\",\"contentUrl\":\"https:\\\/\\\/conscience.ca\\\/wp-content\\\/uploads\\\/2024\\\/02\\\/header-logo.svg\",\"caption\":\"Conscience\"},\"image\":{\"@id\":\"https:\\\/\\\/conscience.dev.affinitybridge.com\\\/#\\\/schema\\\/logo\\\/image\\\/\"}}]}<\/script>\n<!-- \/ Yoast SEO plugin. -->","yoast_head_json":{"title":"Inscrivez-vous d\u00e8s maintenant au symposium de la CACHE, les 6 et 7 mars \u00e0 Toronto - Conscience","robots":{"index":"index","follow":"follow","max-snippet":"max-snippet:-1","max-image-preview":"max-image-preview:large","max-video-preview":"max-video-preview:-1"},"canonical":"https:\/\/conscience.ca\/fr\/event\/fr-register-now-for-the-cache-symposium-march-6-7-in-toronto\/","og_locale":"fr_FR","og_type":"article","og_title":"Inscrivez-vous d\u00e8s maintenant au symposium de la CACHE, les 6 et 7 mars \u00e0 Toronto - Conscience","og_description":"Le premier symposium annuel du d\u00e9fi CACHE r\u00e9unira des chercheurs de premier plan, des partenaires, des repr\u00e9sentants de l\u2019industrie, des m\u00e9dias et d\u2019autres personnes. Voir l\u2019horaire du symposium de la CACHE.","og_url":"https:\/\/conscience.ca\/fr\/event\/fr-register-now-for-the-cache-symposium-march-6-7-in-toronto\/","og_site_name":"Conscience","article_modified_time":"2024-09-06T19:26:11+00:00","og_image":[{"width":1600,"height":900,"url":"https:\/\/conscience.ca\/wp-content\/uploads\/2024\/03\/mm1vipqd0oa.jpg","type":"image\/jpeg"}],"twitter_card":"summary_large_image","twitter_misc":{"Dur\u00e9e de lecture estim\u00e9e":"1 minute"},"schema":{"@context":"https:\/\/schema.org","@graph":[{"@type":"WebPage","@id":"https:\/\/conscience.ca\/fr\/event\/fr-register-now-for-the-cache-symposium-march-6-7-in-toronto\/","url":"https:\/\/conscience.ca\/fr\/event\/fr-register-now-for-the-cache-symposium-march-6-7-in-toronto\/","name":"Inscrivez-vous d\u00e8s maintenant au symposium de la CACHE, les 6 et 7 mars \u00e0 Toronto - Conscience","isPartOf":{"@id":"https:\/\/conscience.dev.affinitybridge.com\/#website"},"primaryImageOfPage":{"@id":"https:\/\/conscience.ca\/fr\/event\/fr-register-now-for-the-cache-symposium-march-6-7-in-toronto\/#primaryimage"},"image":{"@id":"https:\/\/conscience.ca\/fr\/event\/fr-register-now-for-the-cache-symposium-march-6-7-in-toronto\/#primaryimage"},"thumbnailUrl":"https:\/\/conscience.ca\/wp-content\/uploads\/2024\/03\/mm1vipqd0oa.jpg","datePublished":"2024-09-06T19:00:46+00:00","dateModified":"2024-09-06T19:26:11+00:00","breadcrumb":{"@id":"https:\/\/conscience.ca\/fr\/event\/fr-register-now-for-the-cache-symposium-march-6-7-in-toronto\/#breadcrumb"},"inLanguage":"fr-FR","potentialAction":[{"@type":"ReadAction","target":["https:\/\/conscience.ca\/fr\/event\/fr-register-now-for-the-cache-symposium-march-6-7-in-toronto\/"]}]},{"@type":"ImageObject","inLanguage":"fr-FR","@id":"https:\/\/conscience.ca\/fr\/event\/fr-register-now-for-the-cache-symposium-march-6-7-in-toronto\/#primaryimage","url":"https:\/\/conscience.ca\/wp-content\/uploads\/2024\/03\/mm1vipqd0oa.jpg","contentUrl":"https:\/\/conscience.ca\/wp-content\/uploads\/2024\/03\/mm1vipqd0oa.jpg","width":1600,"height":900,"caption":"DNA"},{"@type":"BreadcrumbList","@id":"https:\/\/conscience.ca\/fr\/event\/fr-register-now-for-the-cache-symposium-march-6-7-in-toronto\/#breadcrumb","itemListElement":[{"@type":"ListItem","position":1,"name":"Home","item":"https:\/\/conscience.ca\/fr\/accueil\/"},{"@type":"ListItem","position":2,"name":"Inscrivez-vous d\u00e8s maintenant au symposium de la CACHE, les 6 et 7 mars \u00e0 Toronto"}]},{"@type":"WebSite","@id":"https:\/\/conscience.dev.affinitybridge.com\/#website","url":"https:\/\/conscience.dev.affinitybridge.com\/","name":"Conscience","description":"","publisher":{"@id":"https:\/\/conscience.dev.affinitybridge.com\/#organization"},"potentialAction":[{"@type":"SearchAction","target":{"@type":"EntryPoint","urlTemplate":"https:\/\/conscience.dev.affinitybridge.com\/?s={search_term_string}"},"query-input":{"@type":"PropertyValueSpecification","valueRequired":true,"valueName":"search_term_string"}}],"inLanguage":"fr-FR"},{"@type":"Organization","@id":"https:\/\/conscience.dev.affinitybridge.com\/#organization","name":"Conscience","url":"https:\/\/conscience.dev.affinitybridge.com\/","logo":{"@type":"ImageObject","inLanguage":"fr-FR","@id":"https:\/\/conscience.dev.affinitybridge.com\/#\/schema\/logo\/image\/","url":"https:\/\/conscience.ca\/wp-content\/uploads\/2024\/02\/header-logo.svg","contentUrl":"https:\/\/conscience.ca\/wp-content\/uploads\/2024\/02\/header-logo.svg","caption":"Conscience"},"image":{"@id":"https:\/\/conscience.dev.affinitybridge.com\/#\/schema\/logo\/image\/"}}]}},"jetpack_sharing_enabled":true,"_links":{"self":[{"href":"https:\/\/conscience.ca\/fr\/wp-json\/wp\/v2\/event\/2810","targetHints":{"allow":["GET"]}}],"collection":[{"href":"https:\/\/conscience.ca\/fr\/wp-json\/wp\/v2\/event"}],"about":[{"href":"https:\/\/conscience.ca\/fr\/wp-json\/wp\/v2\/types\/event"}],"version-history":[{"count":0,"href":"https:\/\/conscience.ca\/fr\/wp-json\/wp\/v2\/event\/2810\/revisions"}],"wp:featuredmedia":[{"embeddable":true,"href":"https:\/\/conscience.ca\/fr\/wp-json\/wp\/v2\/media\/1498"}],"wp:attachment":[{"href":"https:\/\/conscience.ca\/fr\/wp-json\/wp\/v2\/media?parent=2810"}],"wp:term":[{"taxonomy":"event-type","embeddable":true,"href":"https:\/\/conscience.ca\/fr\/wp-json\/wp\/v2\/event-type?post=2810"}],"curies":[{"name":"wp","href":"https:\/\/api.w.org\/{rel}","templated":true}]}}